{"id":5531,"date":"2021-08-14T22:23:58","date_gmt":"2021-08-14T22:23:58","guid":{"rendered":"https:\/\/kulturi.mx\/?page_id=5531"},"modified":"2021-08-29T18:37:48","modified_gmt":"2021-08-29T18:37:48","slug":"cuentame-tu-vida","status":"publish","type":"page","link":"https:\/\/kulturi.mx\/index.php\/cuentame-tu-vida\/","title":{"rendered":"CU\u00c9NTAME TU VIDA"},"content":{"rendered":"<p>[vc_row css_animation=&#8221;slideInUp&#8221; row_content_width=&#8221;grid&#8221; background_image_fixed_position=&#8221;yes&#8221; disable_background_image=&#8221;&#8221; css=&#8221;.vc_custom_1624659513446{padding-top: 115px !important;padding-bottom: 118px !important;}&#8221; simple_background_image=&#8221;4722&#8243;][vc_column][vc_row_inner][vc_column_inner][vc_column_text]<\/p>\n<h3 style=\"text-align: center;\"><strong>CU\u00c9NTAME TU VIDA<\/strong><\/h3>\n<p>[\/vc_column_text][\/vc_column_inner][\/vc_row_inner][vc_empty_space][vc_empty_space]<div class=\"qodef-elements-holder   qodef-one-column  qodef-responsive-mode-768 \" ><div class=\"qodef-eh-item     \" data-item-class=\"qodef-eh-custom-4730\" data-769-1024=\"0px 0px 0px\" data-681-768=\"0px 0px 0px\" data-680=\"0px 0px 0px\">\n\t\t<div class=\"qodef-eh-item-inner\">\n\t\t<div class=\"qodef-eh-item-content qodef-eh-custom-4730\" style=\"padding: 0px 100px 0px\">\n\t\t\t<div class=\"qodef-blog-list-holder qodef-grid-list qodef-grid-masonry-list qodef-disable-bottom-space qodef-bl-masonry qodef-three-columns qodef-medium-space    qodef-bl-pag-standard-shortcodes qodef-bl-with-animation qodef-bl-with-bgrnd-animation\"  data-type=masonry data-number-of-posts=18 data-number-of-columns=three data-space-between-items=medium data-category=cuentame-tu-vida data-orderby=date data-order=DESC data-image-size=full data-title-tag=h4 data-excerpt-length=40 data-post-info-image=yes data-post-info-author=no data-post-info-date=no data-post-info-category=yes data-post-info-comments=no data-post-info-share=no data-post-read-more=no data-pagination-type=standard-shortcodes data-background-image-loading-animation=yes data-loading-animation=yes data-max-num-pages=1 data-next-page=2>\n\t<div class=\"qodef-bl-wrapper qodef-outer-space\">\n\t\t<ul class=\"qodef-blog-list qodef-masonry-list-wrapper\">\n\t\t\t<li class=\"qodef-masonry-grid-sizer\"><\/li>\n\t\t\t<li class=\"qodef-masonry-grid-gutter\"><\/li>\n\t\t\t<li class=\"qodef-bl-item qodef-item-space\">\n\t<div class=\"qodef-bli-inner\">\n\t\t\t\t\t<div class=\"qodef-bli-background-image-holder\" >\n\t\t\t\t<img loading=\"lazy\" decoding=\"async\" width=\"176\" height=\"259\" src=\"https:\/\/kulturi.mx\/wp-content\/uploads\/2018\/06\/blog-background-img-3.png\" class=\"attachment-full size-full\" alt=\"d\" \/>\t\t\t<\/div>\n\t\t\t\t<div class=\"qodef-bli-heading\">\n\t        \n\t<div class=\"qodef-post-image\">\n\t\t\t\t\t<a itemprop=\"url\" href=\"https:\/\/kulturi.mx\/index.php\/2021\/08\/27\/cuentame-tu-vida-them-flying-monkeys\/\" title=\"Cu\u00e9ntame tu vida: Them flying monkeys\">\n\t\t\t\t\t<img loading=\"lazy\" decoding=\"async\" width=\"1280\" height=\"720\" src=\"https:\/\/kulturi.mx\/wp-content\/uploads\/2021\/08\/themflyingmonkeys.jpg\" class=\"attachment-full size-full wp-post-image\" alt=\"\" srcset=\"https:\/\/kulturi.mx\/wp-content\/uploads\/2021\/08\/themflyingmonkeys.jpg 1280w, https:\/\/kulturi.mx\/wp-content\/uploads\/2021\/08\/themflyingmonkeys-300x169.jpg 300w, https:\/\/kulturi.mx\/wp-content\/uploads\/2021\/08\/themflyingmonkeys-1024x576.jpg 1024w, https:\/\/kulturi.mx\/wp-content\/uploads\/2021\/08\/themflyingmonkeys-768x432.jpg 768w, https:\/\/kulturi.mx\/wp-content\/uploads\/2021\/08\/themflyingmonkeys-600x338.jpg 600w\" sizes=\"auto, (max-width: 1280px) 100vw, 1280px\" \/>\t\t\t\t\t<\/a>\n\t\t\t\t\t<\/div>\n        <\/div>\n        <div class=\"qodef-bli-text\">\n            <div class=\"qodef-bli-text-inner\">\n                <div class=\"qodef-bli-info-top\">\n                    <div class=\"qodef-post-info-category\">\n    &lt;<a href=\"https:\/\/kulturi.mx\/index.php\/category\/cuentame-tu-vida\/\" rel=\"category tag\">CU\u00c9NTAME TU VIDA<\/a>\/&gt;<\/div>                <\/div>\n                <div class=\"qodef-bli-text-main\">\n                    \n<h4 itemprop=\"name\" class=\"entry-title qodef-post-title\" >\n            <a itemprop=\"url\" href=\"https:\/\/kulturi.mx\/index.php\/2021\/08\/27\/cuentame-tu-vida-them-flying-monkeys\/\" title=\"Cu\u00e9ntame tu vida: Them flying monkeys\">\n            Cu\u00e9ntame tu vida: Them flying monkeys            <\/a>\n    <\/h4>\t\t<div class=\"qodef-post-excerpt-holder\">\n\t\t\t<p itemprop=\"description\" class=\"qodef-post-excerpt\">\n\t\t\t\t\ud83e\udd18Desde Sintra, Portugal \ud83c\uddf5\ud83c\uddf9 conoce a la banda de rock psicod\u00e9lico Them Flying Monkeys\ud83d\udc35  en entrevista con Luis Sierra para \"Cu\u00e9ntame tu vida\" \ud83d\udc68\u200d\ud83c\udfa4\n\n\u00bfC\u00f3mo ser\u00e1 la m\u00fasica portuguesa en el futuro? \u00bfQu\u00e9 ritmos podr\u00e1s encontrar en su siguiente \u00e1lbum?\t\t\t<\/p>\n\t\t<\/div>\n\t                <\/div>\n                <div class=\"qodef-bli-info-bottom clearfix\">\n                    <div class=\"qodef-bli-info-bottom-left\">\n                                            <\/div>\n                    <div class=\"qodef-bli-info-bottom-right\">\n                                            <\/div>\n                <\/div>\n            <\/div>\n        <\/div>\n\t<\/div>\n<\/li><li class=\"qodef-bl-item qodef-item-space\">\n\t<div class=\"qodef-bli-inner\">\n\t\t\t\t\t<div class=\"qodef-bli-background-image-holder\" >\n\t\t\t\t<img loading=\"lazy\" decoding=\"async\" width=\"176\" height=\"259\" src=\"https:\/\/kulturi.mx\/wp-content\/uploads\/2018\/06\/blog-background-img-3.png\" class=\"attachment-full size-full\" alt=\"d\" \/>\t\t\t<\/div>\n\t\t\t\t<div class=\"qodef-bli-heading\">\n\t        \n\t<div class=\"qodef-post-image\">\n\t\t\t\t\t<a itemprop=\"url\" href=\"https:\/\/kulturi.mx\/index.php\/2021\/08\/25\/nomada-kulturi-irisdatura-2\/\" title=\"N\u00f3mada K\u00falturi: IRISDATURA\">\n\t\t\t\t\t<img loading=\"lazy\" decoding=\"async\" width=\"1280\" height=\"720\" src=\"https:\/\/kulturi.mx\/wp-content\/uploads\/2021\/08\/irisdatura.jpg\" class=\"attachment-full size-full wp-post-image\" alt=\"\" srcset=\"https:\/\/kulturi.mx\/wp-content\/uploads\/2021\/08\/irisdatura.jpg 1280w, https:\/\/kulturi.mx\/wp-content\/uploads\/2021\/08\/irisdatura-300x169.jpg 300w, https:\/\/kulturi.mx\/wp-content\/uploads\/2021\/08\/irisdatura-1024x576.jpg 1024w, https:\/\/kulturi.mx\/wp-content\/uploads\/2021\/08\/irisdatura-768x432.jpg 768w, https:\/\/kulturi.mx\/wp-content\/uploads\/2021\/08\/irisdatura-600x338.jpg 600w\" sizes=\"auto, (max-width: 1280px) 100vw, 1280px\" \/>\t\t\t\t\t<\/a>\n\t\t\t\t\t<\/div>\n        <\/div>\n        <div class=\"qodef-bli-text\">\n            <div class=\"qodef-bli-text-inner\">\n                <div class=\"qodef-bli-info-top\">\n                    <div class=\"qodef-post-info-category\">\n    &lt;<a href=\"https:\/\/kulturi.mx\/index.php\/category\/cuentame-tu-vida\/\" rel=\"category tag\">CU\u00c9NTAME TU VIDA<\/a>, <a href=\"https:\/\/kulturi.mx\/index.php\/category\/musica\/\" rel=\"category tag\">M\u00daSICA<\/a>\/&gt;<\/div>                <\/div>\n                <div class=\"qodef-bli-text-main\">\n                    \n<h4 itemprop=\"name\" class=\"entry-title qodef-post-title\" >\n            <a itemprop=\"url\" href=\"https:\/\/kulturi.mx\/index.php\/2021\/08\/25\/nomada-kulturi-irisdatura-2\/\" title=\"N\u00f3mada K\u00falturi: IRISDATURA\">\n            N\u00f3mada K\u00falturi: IRISDATURA            <\/a>\n    <\/h4>\t\t<div class=\"qodef-post-excerpt-holder\">\n\t\t\t<p itemprop=\"description\" class=\"qodef-post-excerpt\">\n\t\t\t\t\u00a1Descubriendo voces nuevas!\r\n\ud83d\ude4b\ud83c\udffb\u200d\u2640\ufe0f \ud83d\ude4b\ud83c\udffe\u200d\u2640\ufe0f \ud83d\ude4b\ud83c\udffc\u200d\u2640\ufe0f \ud83d\ude4b\ud83c\udfff\u200d\u2640\ufe0f \ud83d\ude4b\ud83c\udffd\u200d\u2640\ufe0f\r\nEsta vez en \"N\u00f3mada K\u00falturi\" Dian Mars entrevista a Iris Datura una banda de punk rock originaria de Tec\u00e1mac, Edo.M\u00e9xico\ud83c\udfa4\ud83c\udfb8\ud83e\udd18\r\n\u00a1Descubre m\u00e1s sobre esta banda y sigue sus redes!\u00a1Descarga su canci\u00f3n y descubre m\u00e1s de\t\t\t<\/p>\n\t\t<\/div>\n\t                <\/div>\n                <div class=\"qodef-bli-info-bottom clearfix\">\n                    <div class=\"qodef-bli-info-bottom-left\">\n                                            <\/div>\n                    <div class=\"qodef-bli-info-bottom-right\">\n                                            <\/div>\n                <\/div>\n            <\/div>\n        <\/div>\n\t<\/div>\n<\/li><li class=\"qodef-bl-item qodef-item-space\">\n\t<div class=\"qodef-bli-inner\">\n\t\t\t\t\t<div class=\"qodef-bli-background-image-holder\" >\n\t\t\t\t<img loading=\"lazy\" decoding=\"async\" width=\"176\" height=\"259\" src=\"https:\/\/kulturi.mx\/wp-content\/uploads\/2018\/06\/blog-background-img-3.png\" class=\"attachment-full size-full\" alt=\"d\" \/>\t\t\t<\/div>\n\t\t\t\t<div class=\"qodef-bli-heading\">\n\t        \n\t<div class=\"qodef-post-image\">\n\t\t\t\t\t<a itemprop=\"url\" href=\"https:\/\/kulturi.mx\/index.php\/2021\/07\/27\/entrevista-a-artista-portugues-kicu\/\" title=\"Cu\u00e9ntame tu vida: artista portugu\u00e9s KICU\">\n\t\t\t\t\t<img loading=\"lazy\" decoding=\"async\" width=\"1280\" height=\"720\" src=\"https:\/\/kulturi.mx\/wp-content\/uploads\/2021\/07\/KICU.jpg\" class=\"attachment-full size-full wp-post-image\" alt=\"\" srcset=\"https:\/\/kulturi.mx\/wp-content\/uploads\/2021\/07\/KICU.jpg 1280w, https:\/\/kulturi.mx\/wp-content\/uploads\/2021\/07\/KICU-300x169.jpg 300w, https:\/\/kulturi.mx\/wp-content\/uploads\/2021\/07\/KICU-1024x576.jpg 1024w, https:\/\/kulturi.mx\/wp-content\/uploads\/2021\/07\/KICU-768x432.jpg 768w, https:\/\/kulturi.mx\/wp-content\/uploads\/2021\/07\/KICU-600x338.jpg 600w\" sizes=\"auto, (max-width: 1280px) 100vw, 1280px\" \/>\t\t\t\t\t<\/a>\n\t\t\t\t\t<\/div>\n        <\/div>\n        <div class=\"qodef-bli-text\">\n            <div class=\"qodef-bli-text-inner\">\n                <div class=\"qodef-bli-info-top\">\n                    <div class=\"qodef-post-info-category\">\n    &lt;<a href=\"https:\/\/kulturi.mx\/index.php\/category\/cuentame-tu-vida\/\" rel=\"category tag\">CU\u00c9NTAME TU VIDA<\/a>\/&gt;<\/div>                <\/div>\n                <div class=\"qodef-bli-text-main\">\n                    \n<h4 itemprop=\"name\" class=\"entry-title qodef-post-title\" >\n            <a itemprop=\"url\" href=\"https:\/\/kulturi.mx\/index.php\/2021\/07\/27\/entrevista-a-artista-portugues-kicu\/\" title=\"Cu\u00e9ntame tu vida: artista portugu\u00e9s KICU\">\n            Cu\u00e9ntame tu vida: artista portugu\u00e9s KICU            <\/a>\n    <\/h4>\t\t<div class=\"qodef-post-excerpt-holder\">\n\t\t\t<p itemprop=\"description\" class=\"qodef-post-excerpt\">\n\t\t\t\tDesde Portugal y para nuestra secci\u00f3n \u201cCu\u00e9ntame tu vida\u201d, Luis Sierra regresa con una entrevista al artista portugu\u00e9s KICU \ud83c\uddf5\ud83c\uddf9 \ud83c\udfb5\n\u00a1Conoce su m\u00fasica y sigue sus redes!\t\t\t<\/p>\n\t\t<\/div>\n\t                <\/div>\n                <div class=\"qodef-bli-info-bottom clearfix\">\n                    <div class=\"qodef-bli-info-bottom-left\">\n                                            <\/div>\n                    <div class=\"qodef-bli-info-bottom-right\">\n                                            <\/div>\n                <\/div>\n            <\/div>\n        <\/div>\n\t<\/div>\n<\/li><li class=\"qodef-bl-item qodef-item-space\">\n\t<div class=\"qodef-bli-inner\">\n\t\t\t\t\t<div class=\"qodef-bli-background-image-holder\" >\n\t\t\t\t<img loading=\"lazy\" decoding=\"async\" width=\"176\" height=\"259\" src=\"https:\/\/kulturi.mx\/wp-content\/uploads\/2018\/06\/blog-background-img-3.png\" class=\"attachment-full size-full\" alt=\"d\" \/>\t\t\t<\/div>\n\t\t\t\t<div class=\"qodef-bli-heading\">\n\t        \n\t<div class=\"qodef-post-image\">\n\t\t\t\t\t<a itemprop=\"url\" href=\"https:\/\/kulturi.mx\/index.php\/2021\/07\/27\/nomada-kulturi-polvora-bazar\/\" title=\"N\u00f3mada K\u00falturi: P\u00f3lvora Bazar\">\n\t\t\t\t\t<img loading=\"lazy\" decoding=\"async\" width=\"1280\" height=\"720\" src=\"https:\/\/kulturi.mx\/wp-content\/uploads\/2021\/07\/polvorabazar.jpg\" class=\"attachment-full size-full wp-post-image\" alt=\"\" srcset=\"https:\/\/kulturi.mx\/wp-content\/uploads\/2021\/07\/polvorabazar.jpg 1280w, https:\/\/kulturi.mx\/wp-content\/uploads\/2021\/07\/polvorabazar-300x169.jpg 300w, https:\/\/kulturi.mx\/wp-content\/uploads\/2021\/07\/polvorabazar-1024x576.jpg 1024w, https:\/\/kulturi.mx\/wp-content\/uploads\/2021\/07\/polvorabazar-768x432.jpg 768w, https:\/\/kulturi.mx\/wp-content\/uploads\/2021\/07\/polvorabazar-600x338.jpg 600w\" sizes=\"auto, (max-width: 1280px) 100vw, 1280px\" \/>\t\t\t\t\t<\/a>\n\t\t\t\t\t<\/div>\n        <\/div>\n        <div class=\"qodef-bli-text\">\n            <div class=\"qodef-bli-text-inner\">\n                <div class=\"qodef-bli-info-top\">\n                    <div class=\"qodef-post-info-category\">\n    &lt;<a href=\"https:\/\/kulturi.mx\/index.php\/category\/arte-cine\/\" rel=\"category tag\">ARTE &amp; CINE<\/a>, <a href=\"https:\/\/kulturi.mx\/index.php\/category\/cuentame-tu-vida\/\" rel=\"category tag\">CU\u00c9NTAME TU VIDA<\/a>\/&gt;<\/div>                <\/div>\n                <div class=\"qodef-bli-text-main\">\n                    \n<h4 itemprop=\"name\" class=\"entry-title qodef-post-title\" >\n            <a itemprop=\"url\" href=\"https:\/\/kulturi.mx\/index.php\/2021\/07\/27\/nomada-kulturi-polvora-bazar\/\" title=\"N\u00f3mada K\u00falturi: P\u00f3lvora Bazar\">\n            N\u00f3mada K\u00falturi: P\u00f3lvora Bazar            <\/a>\n    <\/h4>\t\t<div class=\"qodef-post-excerpt-holder\">\n\t\t\t<p itemprop=\"description\" class=\"qodef-post-excerpt\">\n\t\t\t\tEstamos muy contentas por iniciar con nuestra nueva secci\u00f3n \"N\u00f3mada K\u00falturi\" con nuestra amiga Dian Mars \ud83e\udd29\r\n\r\nDesde Tec\u00e1mac, Estado de M\u00e9xico, llega P\u00f3lvora Bazar un proyecto que busca crear lazos en la comunidad de Tec\u00e1mac, dar difusi\u00f3n al arte, la\t\t\t<\/p>\n\t\t<\/div>\n\t                <\/div>\n                <div class=\"qodef-bli-info-bottom clearfix\">\n                    <div class=\"qodef-bli-info-bottom-left\">\n                                            <\/div>\n                    <div class=\"qodef-bli-info-bottom-right\">\n                                            <\/div>\n                <\/div>\n            <\/div>\n        <\/div>\n\t<\/div>\n<\/li><li class=\"qodef-bl-item qodef-item-space\">\n\t<div class=\"qodef-bli-inner\">\n\t\t\t\t\t<div class=\"qodef-bli-background-image-holder\" >\n\t\t\t\t<img loading=\"lazy\" decoding=\"async\" width=\"176\" height=\"259\" src=\"https:\/\/kulturi.mx\/wp-content\/uploads\/2018\/06\/blog-background-img-3.png\" class=\"attachment-full size-full\" alt=\"d\" \/>\t\t\t<\/div>\n\t\t\t\t<div class=\"qodef-bli-heading\">\n\t        \n\t<div class=\"qodef-post-image\">\n\t\t\t\t\t<a itemprop=\"url\" href=\"https:\/\/kulturi.mx\/index.php\/2021\/07\/27\/colectiva-las-nietas\/\" title=\"Cu\u00e9ntame tu vida: colectiva Las Nietas\">\n\t\t\t\t\t<img loading=\"lazy\" decoding=\"async\" width=\"1280\" height=\"720\" src=\"https:\/\/kulturi.mx\/wp-content\/uploads\/2021\/07\/colectiva-las-nietas.jpg\" class=\"attachment-full size-full wp-post-image\" alt=\"\" srcset=\"https:\/\/kulturi.mx\/wp-content\/uploads\/2021\/07\/colectiva-las-nietas.jpg 1280w, https:\/\/kulturi.mx\/wp-content\/uploads\/2021\/07\/colectiva-las-nietas-300x169.jpg 300w, https:\/\/kulturi.mx\/wp-content\/uploads\/2021\/07\/colectiva-las-nietas-1024x576.jpg 1024w, https:\/\/kulturi.mx\/wp-content\/uploads\/2021\/07\/colectiva-las-nietas-768x432.jpg 768w, https:\/\/kulturi.mx\/wp-content\/uploads\/2021\/07\/colectiva-las-nietas-600x338.jpg 600w\" sizes=\"auto, (max-width: 1280px) 100vw, 1280px\" \/>\t\t\t\t\t<\/a>\n\t\t\t\t\t<\/div>\n        <\/div>\n        <div class=\"qodef-bli-text\">\n            <div class=\"qodef-bli-text-inner\">\n                <div class=\"qodef-bli-info-top\">\n                    <div class=\"qodef-post-info-category\">\n    &lt;<a href=\"https:\/\/kulturi.mx\/index.php\/category\/cuentame-tu-vida\/\" rel=\"category tag\">CU\u00c9NTAME TU VIDA<\/a>\/&gt;<\/div>                <\/div>\n                <div class=\"qodef-bli-text-main\">\n                    \n<h4 itemprop=\"name\" class=\"entry-title qodef-post-title\" >\n            <a itemprop=\"url\" href=\"https:\/\/kulturi.mx\/index.php\/2021\/07\/27\/colectiva-las-nietas\/\" title=\"Cu\u00e9ntame tu vida: colectiva Las Nietas\">\n            Cu\u00e9ntame tu vida: colectiva Las Nietas            <\/a>\n    <\/h4>\t\t<div class=\"qodef-post-excerpt-holder\">\n\t\t\t<p itemprop=\"description\" class=\"qodef-post-excerpt\">\n\t\t\t\t\"\u00a1Toma el espacio!\" - Eri Kimura, miembra de colectiva Las Nietas\r\n\r\nDescubre de qu\u00e9 trata esta iniciativa en esta nueva edici\u00f3n de \"Cu\u00e9ntame tu vida\" \u00a1Sigue las redes de la colectiva!\t\t\t<\/p>\n\t\t<\/div>\n\t                <\/div>\n                <div class=\"qodef-bli-info-bottom clearfix\">\n                    <div class=\"qodef-bli-info-bottom-left\">\n                                            <\/div>\n                    <div class=\"qodef-bli-info-bottom-right\">\n                                            <\/div>\n                <\/div>\n            <\/div>\n        <\/div>\n\t<\/div>\n<\/li><li class=\"qodef-bl-item qodef-item-space\">\n\t<div class=\"qodef-bli-inner\">\n\t\t\t\t\t<div class=\"qodef-bli-background-image-holder\" >\n\t\t\t\t<img loading=\"lazy\" decoding=\"async\" width=\"176\" height=\"259\" src=\"https:\/\/kulturi.mx\/wp-content\/uploads\/2018\/06\/blog-background-img-3.png\" class=\"attachment-full size-full\" alt=\"d\" \/>\t\t\t<\/div>\n\t\t\t\t<div class=\"qodef-bli-heading\">\n\t        \n\t<div class=\"qodef-post-image\">\n\t\t\t\t\t<a itemprop=\"url\" href=\"https:\/\/kulturi.mx\/index.php\/2021\/07\/27\/cuentame-tu-vida-bajo-tierra-museo\/\" title=\"Cu\u00e9ntame tu vida: Bajo Tierra Museo\">\n\t\t\t\t\t<img loading=\"lazy\" decoding=\"async\" width=\"1280\" height=\"720\" src=\"https:\/\/kulturi.mx\/wp-content\/uploads\/2021\/07\/BAJOTIERRAMUSEO.jpg\" class=\"attachment-full size-full wp-post-image\" alt=\"\" srcset=\"https:\/\/kulturi.mx\/wp-content\/uploads\/2021\/07\/BAJOTIERRAMUSEO.jpg 1280w, https:\/\/kulturi.mx\/wp-content\/uploads\/2021\/07\/BAJOTIERRAMUSEO-300x169.jpg 300w, https:\/\/kulturi.mx\/wp-content\/uploads\/2021\/07\/BAJOTIERRAMUSEO-1024x576.jpg 1024w, https:\/\/kulturi.mx\/wp-content\/uploads\/2021\/07\/BAJOTIERRAMUSEO-768x432.jpg 768w, https:\/\/kulturi.mx\/wp-content\/uploads\/2021\/07\/BAJOTIERRAMUSEO-600x338.jpg 600w\" sizes=\"auto, (max-width: 1280px) 100vw, 1280px\" \/>\t\t\t\t\t<\/a>\n\t\t\t\t\t<\/div>\n        <\/div>\n        <div class=\"qodef-bli-text\">\n            <div class=\"qodef-bli-text-inner\">\n                <div class=\"qodef-bli-info-top\">\n                    <div class=\"qodef-post-info-category\">\n    &lt;<a href=\"https:\/\/kulturi.mx\/index.php\/category\/cuentame-tu-vida\/\" rel=\"category tag\">CU\u00c9NTAME TU VIDA<\/a>\/&gt;<\/div>                <\/div>\n                <div class=\"qodef-bli-text-main\">\n                    \n<h4 itemprop=\"name\" class=\"entry-title qodef-post-title\" >\n            <a itemprop=\"url\" href=\"https:\/\/kulturi.mx\/index.php\/2021\/07\/27\/cuentame-tu-vida-bajo-tierra-museo\/\" title=\"Cu\u00e9ntame tu vida: Bajo Tierra Museo\">\n            Cu\u00e9ntame tu vida: Bajo Tierra Museo            <\/a>\n    <\/h4>\t\t<div class=\"qodef-post-excerpt-holder\">\n\t\t\t<p itemprop=\"description\" class=\"qodef-post-excerpt\">\n\t\t\t\tEn esta edici\u00f3n, Luis Sierra Gavi\u00f1a habla con Carlos M. Talavera quien es curador del primer museo ecol\u00f3gico 100% virtual: Bajo Tierra Museo  \ud83c\udf0e    un espacio interactivo e informativo que tiene como objetivo llamar a la\t\t\t<\/p>\n\t\t<\/div>\n\t                <\/div>\n                <div class=\"qodef-bli-info-bottom clearfix\">\n                    <div class=\"qodef-bli-info-bottom-left\">\n                                            <\/div>\n                    <div class=\"qodef-bli-info-bottom-right\">\n                                            <\/div>\n                <\/div>\n            <\/div>\n        <\/div>\n\t<\/div>\n<\/li><li class=\"qodef-bl-item qodef-item-space\">\n\t<div class=\"qodef-bli-inner\">\n\t\t\t\t\t<div class=\"qodef-bli-background-image-holder\" >\n\t\t\t\t<img loading=\"lazy\" decoding=\"async\" width=\"176\" height=\"259\" src=\"https:\/\/kulturi.mx\/wp-content\/uploads\/2018\/06\/blog-background-img-3.png\" class=\"attachment-full size-full\" alt=\"d\" \/>\t\t\t<\/div>\n\t\t\t\t<div class=\"qodef-bli-heading\">\n\t        \n\t<div class=\"qodef-post-image\">\n\t\t\t\t\t<a itemprop=\"url\" href=\"https:\/\/kulturi.mx\/index.php\/2021\/07\/27\/cuentame-tu-vida-leilanny-del-castillo-promotora-cultural\/\" title=\"Cu\u00e9ntame tu vida: Leilanny del Castillo, promotora cultural\">\n\t\t\t\t\t<img loading=\"lazy\" decoding=\"async\" width=\"1280\" height=\"720\" src=\"https:\/\/kulturi.mx\/wp-content\/uploads\/2021\/07\/leilanny-castillo.jpg\" class=\"attachment-full size-full wp-post-image\" alt=\"\" srcset=\"https:\/\/kulturi.mx\/wp-content\/uploads\/2021\/07\/leilanny-castillo.jpg 1280w, https:\/\/kulturi.mx\/wp-content\/uploads\/2021\/07\/leilanny-castillo-300x169.jpg 300w, https:\/\/kulturi.mx\/wp-content\/uploads\/2021\/07\/leilanny-castillo-1024x576.jpg 1024w, https:\/\/kulturi.mx\/wp-content\/uploads\/2021\/07\/leilanny-castillo-768x432.jpg 768w, https:\/\/kulturi.mx\/wp-content\/uploads\/2021\/07\/leilanny-castillo-600x338.jpg 600w\" sizes=\"auto, (max-width: 1280px) 100vw, 1280px\" \/>\t\t\t\t\t<\/a>\n\t\t\t\t\t<\/div>\n        <\/div>\n        <div class=\"qodef-bli-text\">\n            <div class=\"qodef-bli-text-inner\">\n                <div class=\"qodef-bli-info-top\">\n                    <div class=\"qodef-post-info-category\">\n    &lt;<a href=\"https:\/\/kulturi.mx\/index.php\/category\/cuentame-tu-vida\/\" rel=\"category tag\">CU\u00c9NTAME TU VIDA<\/a>\/&gt;<\/div>                <\/div>\n                <div class=\"qodef-bli-text-main\">\n                    \n<h4 itemprop=\"name\" class=\"entry-title qodef-post-title\" >\n            <a itemprop=\"url\" href=\"https:\/\/kulturi.mx\/index.php\/2021\/07\/27\/cuentame-tu-vida-leilanny-del-castillo-promotora-cultural\/\" title=\"Cu\u00e9ntame tu vida: Leilanny del Castillo, promotora cultural\">\n            Cu\u00e9ntame tu vida: Leilanny del Castillo, promotora cultural            <\/a>\n    <\/h4>\t\t<div class=\"qodef-post-excerpt-holder\">\n\t\t\t<p itemprop=\"description\" class=\"qodef-post-excerpt\">\n\t\t\t\tLeilanny del Castillo es una mujer que plasma su amor al arte en los diferentes proyectos que lleva como gestora cultural \ud83d\ude4c Uno de ellos es D\u00fao Libre-Arte \ud83c\udfa8.\nDescubre m\u00e1s en la entrevista realizada por Luis Sierra Gavi\u00f1a para una\t\t\t<\/p>\n\t\t<\/div>\n\t                <\/div>\n                <div class=\"qodef-bli-info-bottom clearfix\">\n                    <div class=\"qodef-bli-info-bottom-left\">\n                                            <\/div>\n                    <div class=\"qodef-bli-info-bottom-right\">\n                                            <\/div>\n                <\/div>\n            <\/div>\n        <\/div>\n\t<\/div>\n<\/li><li class=\"qodef-bl-item qodef-item-space\">\n\t<div class=\"qodef-bli-inner\">\n\t\t\t\t\t<div class=\"qodef-bli-background-image-holder\" >\n\t\t\t\t<img loading=\"lazy\" decoding=\"async\" width=\"176\" height=\"259\" src=\"https:\/\/kulturi.mx\/wp-content\/uploads\/2018\/06\/blog-background-img-3.png\" class=\"attachment-full size-full\" alt=\"d\" \/>\t\t\t<\/div>\n\t\t\t\t<div class=\"qodef-bli-heading\">\n\t        \n\t<div class=\"qodef-post-image\">\n\t\t\t\t\t<a itemprop=\"url\" href=\"https:\/\/kulturi.mx\/index.php\/2021\/07\/27\/cuentame-tu-vida-en-el-semaforo-se-aprende\/\" title=\"Cu\u00e9ntame tu vida: En el sem\u00e1foro se aprende\">\n\t\t\t\t\t<img loading=\"lazy\" decoding=\"async\" width=\"1280\" height=\"720\" src=\"https:\/\/kulturi.mx\/wp-content\/uploads\/2021\/07\/SEMAFOROSEAPRENDE.jpg\" class=\"attachment-full size-full wp-post-image\" alt=\"\" srcset=\"https:\/\/kulturi.mx\/wp-content\/uploads\/2021\/07\/SEMAFOROSEAPRENDE.jpg 1280w, https:\/\/kulturi.mx\/wp-content\/uploads\/2021\/07\/SEMAFOROSEAPRENDE-300x169.jpg 300w, https:\/\/kulturi.mx\/wp-content\/uploads\/2021\/07\/SEMAFOROSEAPRENDE-1024x576.jpg 1024w, https:\/\/kulturi.mx\/wp-content\/uploads\/2021\/07\/SEMAFOROSEAPRENDE-768x432.jpg 768w, https:\/\/kulturi.mx\/wp-content\/uploads\/2021\/07\/SEMAFOROSEAPRENDE-600x338.jpg 600w\" sizes=\"auto, (max-width: 1280px) 100vw, 1280px\" \/>\t\t\t\t\t<\/a>\n\t\t\t\t\t<\/div>\n        <\/div>\n        <div class=\"qodef-bli-text\">\n            <div class=\"qodef-bli-text-inner\">\n                <div class=\"qodef-bli-info-top\">\n                    <div class=\"qodef-post-info-category\">\n    &lt;<a href=\"https:\/\/kulturi.mx\/index.php\/category\/cuentame-tu-vida\/\" rel=\"category tag\">CU\u00c9NTAME TU VIDA<\/a>\/&gt;<\/div>                <\/div>\n                <div class=\"qodef-bli-text-main\">\n                    \n<h4 itemprop=\"name\" class=\"entry-title qodef-post-title\" >\n            <a itemprop=\"url\" href=\"https:\/\/kulturi.mx\/index.php\/2021\/07\/27\/cuentame-tu-vida-en-el-semaforo-se-aprende\/\" title=\"Cu\u00e9ntame tu vida: En el sem\u00e1foro se aprende\">\n            Cu\u00e9ntame tu vida: En el sem\u00e1foro se aprende            <\/a>\n    <\/h4>\t\t<div class=\"qodef-post-excerpt-holder\">\n\t\t\t<p itemprop=\"description\" class=\"qodef-post-excerpt\">\n\t\t\t\tEn esta edici\u00f3n de \"Cu\u00e9ntame tu vida\" nuestro amigo Luis Sierra Gavi\u00f1a nos presenta la iniciativa social En el sem\u00e1foro se aprende \ud83e\udd13 \ud83d\udea6 \ud83e\udd29 Asociaci\u00f3n Civil fundada por Jemima Pel\u00e1ez \u2763\ufe0f\n\n\u00a1Conoce este incre\u00edble proyecto y ay\u00fadanos a difundir para\t\t\t<\/p>\n\t\t<\/div>\n\t                <\/div>\n                <div class=\"qodef-bli-info-bottom clearfix\">\n                    <div class=\"qodef-bli-info-bottom-left\">\n                                            <\/div>\n                    <div class=\"qodef-bli-info-bottom-right\">\n                                            <\/div>\n                <\/div>\n            <\/div>\n        <\/div>\n\t<\/div>\n<\/li><li class=\"qodef-bl-item qodef-item-space\">\n\t<div class=\"qodef-bli-inner\">\n\t\t\t\t\t<div class=\"qodef-bli-background-image-holder\" >\n\t\t\t\t<img loading=\"lazy\" decoding=\"async\" width=\"176\" height=\"259\" src=\"https:\/\/kulturi.mx\/wp-content\/uploads\/2018\/06\/blog-background-img-3.png\" class=\"attachment-full size-full\" alt=\"d\" \/>\t\t\t<\/div>\n\t\t\t\t<div class=\"qodef-bli-heading\">\n\t        \n\t<div class=\"qodef-post-image\">\n\t\t\t\t\t<a itemprop=\"url\" href=\"https:\/\/kulturi.mx\/index.php\/2021\/07\/27\/cuentame-tu-vida-murguia-mx\/\" title=\"Cu\u00e9ntame tu vida &#8220;Murgu\u00eda.MX&#8221;\">\n\t\t\t\t\t<img loading=\"lazy\" decoding=\"async\" width=\"1280\" height=\"720\" src=\"https:\/\/kulturi.mx\/wp-content\/uploads\/2021\/07\/murgui\u0301amx.jpg\" class=\"attachment-full size-full wp-post-image\" alt=\"\" srcset=\"https:\/\/kulturi.mx\/wp-content\/uploads\/2021\/07\/murgui\u0301amx.jpg 1280w, https:\/\/kulturi.mx\/wp-content\/uploads\/2021\/07\/murgui\u0301amx-300x169.jpg 300w, https:\/\/kulturi.mx\/wp-content\/uploads\/2021\/07\/murgui\u0301amx-1024x576.jpg 1024w, https:\/\/kulturi.mx\/wp-content\/uploads\/2021\/07\/murgui\u0301amx-768x432.jpg 768w, https:\/\/kulturi.mx\/wp-content\/uploads\/2021\/07\/murgui\u0301amx-600x338.jpg 600w\" sizes=\"auto, (max-width: 1280px) 100vw, 1280px\" \/>\t\t\t\t\t<\/a>\n\t\t\t\t\t<\/div>\n        <\/div>\n        <div class=\"qodef-bli-text\">\n            <div class=\"qodef-bli-text-inner\">\n                <div class=\"qodef-bli-info-top\">\n                    <div class=\"qodef-post-info-category\">\n    &lt;<a href=\"https:\/\/kulturi.mx\/index.php\/category\/cuentame-tu-vida\/\" rel=\"category tag\">CU\u00c9NTAME TU VIDA<\/a>\/&gt;<\/div>                <\/div>\n                <div class=\"qodef-bli-text-main\">\n                    \n<h4 itemprop=\"name\" class=\"entry-title qodef-post-title\" >\n            <a itemprop=\"url\" href=\"https:\/\/kulturi.mx\/index.php\/2021\/07\/27\/cuentame-tu-vida-murguia-mx\/\" title=\"Cu\u00e9ntame tu vida &#8220;Murgu\u00eda.MX&#8221;\">\n            Cu\u00e9ntame tu vida &#8220;Murgu\u00eda.MX&#8221;            <\/a>\n    <\/h4>\t\t<div class=\"qodef-post-excerpt-holder\">\n\t\t\t<p itemprop=\"description\" class=\"qodef-post-excerpt\">\n\t\t\t\tEn esta edici\u00f3n de \"Cu\u00e9ntame tu vida\", Luis Sierra Gavi\u00f1a nos presenta la m\u00fasica de Murgu\u00edamx. \ud83d\ude0e\nConoce los retos a los que se ha afrontado, su inspiraci\u00f3n y los nuevos lanzamientos que tiene para nosotros \ud83c\udfa7\n\u00a1Baila al ritmo de su\t\t\t<\/p>\n\t\t<\/div>\n\t                <\/div>\n                <div class=\"qodef-bli-info-bottom clearfix\">\n                    <div class=\"qodef-bli-info-bottom-left\">\n                                            <\/div>\n                    <div class=\"qodef-bli-info-bottom-right\">\n                                            <\/div>\n                <\/div>\n            <\/div>\n        <\/div>\n\t<\/div>\n<\/li><li class=\"qodef-bl-item qodef-item-space\">\n\t<div class=\"qodef-bli-inner\">\n\t\t\t\t\t<div class=\"qodef-bli-background-image-holder\" >\n\t\t\t\t<img loading=\"lazy\" decoding=\"async\" width=\"176\" height=\"259\" src=\"https:\/\/kulturi.mx\/wp-content\/uploads\/2018\/06\/blog-background-img-3.png\" class=\"attachment-full size-full\" alt=\"d\" \/>\t\t\t<\/div>\n\t\t\t\t<div class=\"qodef-bli-heading\">\n\t        \n\t<div class=\"qodef-post-image\">\n\t\t\t\t\t<a itemprop=\"url\" href=\"https:\/\/kulturi.mx\/index.php\/2021\/07\/27\/cuentame-tu-vida-jackiie-roca-disenadora-de-imagen\/\" title=\"Cu\u00e9ntame tu vida: Jackiie Roca, dise\u00f1adora de imagen\">\n\t\t\t\t\t<img loading=\"lazy\" decoding=\"async\" width=\"1280\" height=\"720\" src=\"https:\/\/kulturi.mx\/wp-content\/uploads\/2021\/07\/disen\u0303adora-de-imagen.jpg\" class=\"attachment-full size-full wp-post-image\" alt=\"\" srcset=\"https:\/\/kulturi.mx\/wp-content\/uploads\/2021\/07\/disen\u0303adora-de-imagen.jpg 1280w, https:\/\/kulturi.mx\/wp-content\/uploads\/2021\/07\/disen\u0303adora-de-imagen-300x169.jpg 300w, https:\/\/kulturi.mx\/wp-content\/uploads\/2021\/07\/disen\u0303adora-de-imagen-1024x576.jpg 1024w, https:\/\/kulturi.mx\/wp-content\/uploads\/2021\/07\/disen\u0303adora-de-imagen-768x432.jpg 768w, https:\/\/kulturi.mx\/wp-content\/uploads\/2021\/07\/disen\u0303adora-de-imagen-600x338.jpg 600w\" sizes=\"auto, (max-width: 1280px) 100vw, 1280px\" \/>\t\t\t\t\t<\/a>\n\t\t\t\t\t<\/div>\n        <\/div>\n        <div class=\"qodef-bli-text\">\n            <div class=\"qodef-bli-text-inner\">\n                <div class=\"qodef-bli-info-top\">\n                    <div class=\"qodef-post-info-category\">\n    &lt;<a href=\"https:\/\/kulturi.mx\/index.php\/category\/cuentame-tu-vida\/\" rel=\"category tag\">CU\u00c9NTAME TU VIDA<\/a>\/&gt;<\/div>                <\/div>\n                <div class=\"qodef-bli-text-main\">\n                    \n<h4 itemprop=\"name\" class=\"entry-title qodef-post-title\" >\n            <a itemprop=\"url\" href=\"https:\/\/kulturi.mx\/index.php\/2021\/07\/27\/cuentame-tu-vida-jackiie-roca-disenadora-de-imagen\/\" title=\"Cu\u00e9ntame tu vida: Jackiie Roca, dise\u00f1adora de imagen\">\n            Cu\u00e9ntame tu vida: Jackiie Roca, dise\u00f1adora de imagen            <\/a>\n    <\/h4>\t\t<div class=\"qodef-post-excerpt-holder\">\n\t\t\t<p itemprop=\"description\" class=\"qodef-post-excerpt\">\n\t\t\t\tHa participado en producciones de Netflix, Argos, Telemundo. Ella es Jackiie Roca, dise\u00f1adora de imagen y caracterizaci\u00f3n  \ud83d\udc85\nEn esta edici\u00f3n de \"Cu\u00e9ntame tu vida\", Gerardo Bernal nos presenta a la persona que hace de su magia para que veas\t\t\t<\/p>\n\t\t<\/div>\n\t                <\/div>\n                <div class=\"qodef-bli-info-bottom clearfix\">\n                    <div class=\"qodef-bli-info-bottom-left\">\n                                            <\/div>\n                    <div class=\"qodef-bli-info-bottom-right\">\n                                            <\/div>\n                <\/div>\n            <\/div>\n        <\/div>\n\t<\/div>\n<\/li><li class=\"qodef-bl-item qodef-item-space\">\n\t<div class=\"qodef-bli-inner\">\n\t\t\t\t\t<div class=\"qodef-bli-background-image-holder\" >\n\t\t\t\t<img loading=\"lazy\" decoding=\"async\" width=\"176\" height=\"259\" src=\"https:\/\/kulturi.mx\/wp-content\/uploads\/2018\/06\/blog-background-img-3.png\" class=\"attachment-full size-full\" alt=\"d\" \/>\t\t\t<\/div>\n\t\t\t\t<div class=\"qodef-bli-heading\">\n\t        \n\t<div class=\"qodef-post-image\">\n\t\t\t\t\t<a itemprop=\"url\" href=\"https:\/\/kulturi.mx\/index.php\/2021\/07\/27\/cuentame-tu-vida-nutricionista-benjamin-arteaga\/\" title=\"Cu\u00e9ntame tu vida: Nutricionista Benjam\u00edn Arteaga\">\n\t\t\t\t\t<img loading=\"lazy\" decoding=\"async\" width=\"1280\" height=\"720\" src=\"https:\/\/kulturi.mx\/wp-content\/uploads\/2021\/07\/nutricionista.jpg\" class=\"attachment-full size-full wp-post-image\" alt=\"\" srcset=\"https:\/\/kulturi.mx\/wp-content\/uploads\/2021\/07\/nutricionista.jpg 1280w, https:\/\/kulturi.mx\/wp-content\/uploads\/2021\/07\/nutricionista-300x169.jpg 300w, https:\/\/kulturi.mx\/wp-content\/uploads\/2021\/07\/nutricionista-1024x576.jpg 1024w, https:\/\/kulturi.mx\/wp-content\/uploads\/2021\/07\/nutricionista-768x432.jpg 768w, https:\/\/kulturi.mx\/wp-content\/uploads\/2021\/07\/nutricionista-600x338.jpg 600w\" sizes=\"auto, (max-width: 1280px) 100vw, 1280px\" \/>\t\t\t\t\t<\/a>\n\t\t\t\t\t<\/div>\n        <\/div>\n        <div class=\"qodef-bli-text\">\n            <div class=\"qodef-bli-text-inner\">\n                <div class=\"qodef-bli-info-top\">\n                    <div class=\"qodef-post-info-category\">\n    &lt;<a href=\"https:\/\/kulturi.mx\/index.php\/category\/cuentame-tu-vida\/\" rel=\"category tag\">CU\u00c9NTAME TU VIDA<\/a>\/&gt;<\/div>                <\/div>\n                <div class=\"qodef-bli-text-main\">\n                    \n<h4 itemprop=\"name\" class=\"entry-title qodef-post-title\" >\n            <a itemprop=\"url\" href=\"https:\/\/kulturi.mx\/index.php\/2021\/07\/27\/cuentame-tu-vida-nutricionista-benjamin-arteaga\/\" title=\"Cu\u00e9ntame tu vida: Nutricionista Benjam\u00edn Arteaga\">\n            Cu\u00e9ntame tu vida: Nutricionista Benjam\u00edn Arteaga            <\/a>\n    <\/h4>\t\t<div class=\"qodef-post-excerpt-holder\">\n\t\t\t<p itemprop=\"description\" class=\"qodef-post-excerpt\">\n\t\t\t\tGerardo Bernal entrevista al nutricionista Benjamin Arteaga. Nos hablan sobre la importancia de tener buenos h\u00e1bitos alimenticios \ud83d\ude0e\n\u00a1Sigue a Benjamin Arteaga!\narteaga.nb@gmail.com\t\t\t<\/p>\n\t\t<\/div>\n\t                <\/div>\n                <div class=\"qodef-bli-info-bottom clearfix\">\n                    <div class=\"qodef-bli-info-bottom-left\">\n                                            <\/div>\n                    <div class=\"qodef-bli-info-bottom-right\">\n                                            <\/div>\n                <\/div>\n            <\/div>\n        <\/div>\n\t<\/div>\n<\/li><li class=\"qodef-bl-item qodef-item-space\">\n\t<div class=\"qodef-bli-inner\">\n\t\t\t\t\t<div class=\"qodef-bli-background-image-holder\" >\n\t\t\t\t<img loading=\"lazy\" decoding=\"async\" width=\"176\" height=\"259\" src=\"https:\/\/kulturi.mx\/wp-content\/uploads\/2018\/06\/blog-background-img-3.png\" class=\"attachment-full size-full\" alt=\"d\" \/>\t\t\t<\/div>\n\t\t\t\t<div class=\"qodef-bli-heading\">\n\t        \n\t<div class=\"qodef-post-image\">\n\t\t\t\t\t<a itemprop=\"url\" href=\"https:\/\/kulturi.mx\/index.php\/2021\/07\/27\/cuentame-tu-vida-coach-valdivia\/\" title=\"Cu\u00e9ntame tu vida: Coach Valdivia\">\n\t\t\t\t\t<img loading=\"lazy\" decoding=\"async\" width=\"1280\" height=\"720\" src=\"https:\/\/kulturi.mx\/wp-content\/uploads\/2021\/07\/COACHVALDIVA.jpg\" class=\"attachment-full size-full wp-post-image\" alt=\"\" srcset=\"https:\/\/kulturi.mx\/wp-content\/uploads\/2021\/07\/COACHVALDIVA.jpg 1280w, https:\/\/kulturi.mx\/wp-content\/uploads\/2021\/07\/COACHVALDIVA-300x169.jpg 300w, https:\/\/kulturi.mx\/wp-content\/uploads\/2021\/07\/COACHVALDIVA-1024x576.jpg 1024w, https:\/\/kulturi.mx\/wp-content\/uploads\/2021\/07\/COACHVALDIVA-768x432.jpg 768w, https:\/\/kulturi.mx\/wp-content\/uploads\/2021\/07\/COACHVALDIVA-600x338.jpg 600w\" sizes=\"auto, (max-width: 1280px) 100vw, 1280px\" \/>\t\t\t\t\t<\/a>\n\t\t\t\t\t<\/div>\n        <\/div>\n        <div class=\"qodef-bli-text\">\n            <div class=\"qodef-bli-text-inner\">\n                <div class=\"qodef-bli-info-top\">\n                    <div class=\"qodef-post-info-category\">\n    &lt;<a href=\"https:\/\/kulturi.mx\/index.php\/category\/cuentame-tu-vida\/\" rel=\"category tag\">CU\u00c9NTAME TU VIDA<\/a>\/&gt;<\/div>                <\/div>\n                <div class=\"qodef-bli-text-main\">\n                    \n<h4 itemprop=\"name\" class=\"entry-title qodef-post-title\" >\n            <a itemprop=\"url\" href=\"https:\/\/kulturi.mx\/index.php\/2021\/07\/27\/cuentame-tu-vida-coach-valdivia\/\" title=\"Cu\u00e9ntame tu vida: Coach Valdivia\">\n            Cu\u00e9ntame tu vida: Coach Valdivia            <\/a>\n    <\/h4>\t\t<div class=\"qodef-post-excerpt-holder\">\n\t\t\t<p itemprop=\"description\" class=\"qodef-post-excerpt\">\n\t\t\t\tConoce al Coach Valdivia y el impacto que ha tenido en distintas personas.\t\t\t<\/p>\n\t\t<\/div>\n\t                <\/div>\n                <div class=\"qodef-bli-info-bottom clearfix\">\n                    <div class=\"qodef-bli-info-bottom-left\">\n                                            <\/div>\n                    <div class=\"qodef-bli-info-bottom-right\">\n                                            <\/div>\n                <\/div>\n            <\/div>\n        <\/div>\n\t<\/div>\n<\/li><li class=\"qodef-bl-item qodef-item-space\">\n\t<div class=\"qodef-bli-inner\">\n\t\t\t\t\t<div class=\"qodef-bli-background-image-holder\" >\n\t\t\t\t<img loading=\"lazy\" decoding=\"async\" width=\"176\" height=\"259\" src=\"https:\/\/kulturi.mx\/wp-content\/uploads\/2018\/06\/blog-background-img-3.png\" class=\"attachment-full size-full\" alt=\"d\" \/>\t\t\t<\/div>\n\t\t\t\t<div class=\"qodef-bli-heading\">\n\t        \n\t<div class=\"qodef-post-image\">\n\t\t\t\t\t<a itemprop=\"url\" href=\"https:\/\/kulturi.mx\/index.php\/2021\/07\/27\/cuentame-tu-vida\/\" title=\"Cu\u00e9ntame tu vida\">\n\t\t\t\t\t<img loading=\"lazy\" decoding=\"async\" width=\"1280\" height=\"720\" src=\"https:\/\/kulturi.mx\/wp-content\/uploads\/2021\/07\/cuentametuvida.jpg\" class=\"attachment-full size-full wp-post-image\" alt=\"\" srcset=\"https:\/\/kulturi.mx\/wp-content\/uploads\/2021\/07\/cuentametuvida.jpg 1280w, https:\/\/kulturi.mx\/wp-content\/uploads\/2021\/07\/cuentametuvida-300x169.jpg 300w, https:\/\/kulturi.mx\/wp-content\/uploads\/2021\/07\/cuentametuvida-1024x576.jpg 1024w, https:\/\/kulturi.mx\/wp-content\/uploads\/2021\/07\/cuentametuvida-768x432.jpg 768w, https:\/\/kulturi.mx\/wp-content\/uploads\/2021\/07\/cuentametuvida-600x338.jpg 600w\" sizes=\"auto, (max-width: 1280px) 100vw, 1280px\" \/>\t\t\t\t\t<\/a>\n\t\t\t\t\t<\/div>\n        <\/div>\n        <div class=\"qodef-bli-text\">\n            <div class=\"qodef-bli-text-inner\">\n                <div class=\"qodef-bli-info-top\">\n                    <div class=\"qodef-post-info-category\">\n    &lt;<a href=\"https:\/\/kulturi.mx\/index.php\/category\/cuentame-tu-vida\/\" rel=\"category tag\">CU\u00c9NTAME TU VIDA<\/a>\/&gt;<\/div>                <\/div>\n                <div class=\"qodef-bli-text-main\">\n                    \n<h4 itemprop=\"name\" class=\"entry-title qodef-post-title\" >\n            <a itemprop=\"url\" href=\"https:\/\/kulturi.mx\/index.php\/2021\/07\/27\/cuentame-tu-vida\/\" title=\"Cu\u00e9ntame tu vida\">\n            Cu\u00e9ntame tu vida            <\/a>\n    <\/h4>\t\t<div class=\"qodef-post-excerpt-holder\">\n\t\t\t<p itemprop=\"description\" class=\"qodef-post-excerpt\">\n\t\t\t\tIntroduciendo una c\u00e1psula donde nos acercaremos de una manera din\u00e1mica a la gente que nos rodea; artistas, polic\u00edas, maestros, desde un \u00e1ngulo sociol\u00f3gico\t\t\t<\/p>\n\t\t<\/div>\n\t                <\/div>\n                <div class=\"qodef-bli-info-bottom clearfix\">\n                    <div class=\"qodef-bli-info-bottom-left\">\n                                            <\/div>\n                    <div class=\"qodef-bli-info-bottom-right\">\n                                            <\/div>\n                <\/div>\n            <\/div>\n        <\/div>\n\t<\/div>\n<\/li><li class=\"qodef-bl-item qodef-item-space\">\n\t<div class=\"qodef-bli-inner\">\n\t\t\t\t\t<div class=\"qodef-bli-background-image-holder\" >\n\t\t\t\t<img loading=\"lazy\" decoding=\"async\" width=\"104\" height=\"249\" src=\"https:\/\/kulturi.mx\/wp-content\/uploads\/2018\/06\/blog-background-img-1-1.png\" class=\"attachment-full size-full\" alt=\"h\" \/>\t\t\t<\/div>\n\t\t\t\t<div class=\"qodef-bli-heading\">\n\t        \n\t<div class=\"qodef-post-image\">\n\t\t\t\t\t<a itemprop=\"url\" href=\"https:\/\/kulturi.mx\/index.php\/2018\/06\/09\/taquito-de-sal\/\" title=\"Cu\u00e9ntame tu vida: Taquito de sal\">\n\t\t\t\t\t<img loading=\"lazy\" decoding=\"async\" width=\"1280\" height=\"720\" src=\"https:\/\/kulturi.mx\/wp-content\/uploads\/2018\/06\/taquito-de-sal.jpg\" class=\"attachment-full size-full wp-post-image\" alt=\"\" srcset=\"https:\/\/kulturi.mx\/wp-content\/uploads\/2018\/06\/taquito-de-sal.jpg 1280w, https:\/\/kulturi.mx\/wp-content\/uploads\/2018\/06\/taquito-de-sal-300x169.jpg 300w, https:\/\/kulturi.mx\/wp-content\/uploads\/2018\/06\/taquito-de-sal-1024x576.jpg 1024w, https:\/\/kulturi.mx\/wp-content\/uploads\/2018\/06\/taquito-de-sal-768x432.jpg 768w, https:\/\/kulturi.mx\/wp-content\/uploads\/2018\/06\/taquito-de-sal-600x338.jpg 600w\" sizes=\"auto, (max-width: 1280px) 100vw, 1280px\" \/>\t\t\t\t\t<\/a>\n\t\t\t\t\t<\/div>\n        <\/div>\n        <div class=\"qodef-bli-text\">\n            <div class=\"qodef-bli-text-inner\">\n                <div class=\"qodef-bli-info-top\">\n                    <div class=\"qodef-post-info-category\">\n    &lt;<a href=\"https:\/\/kulturi.mx\/index.php\/category\/cuentame-tu-vida\/\" rel=\"category tag\">CU\u00c9NTAME TU VIDA<\/a>, <a href=\"https:\/\/kulturi.mx\/index.php\/category\/home\/\" rel=\"category tag\">home<\/a>\/&gt;<\/div>                <\/div>\n                <div class=\"qodef-bli-text-main\">\n                    \n<h4 itemprop=\"name\" class=\"entry-title qodef-post-title\" >\n            <a itemprop=\"url\" href=\"https:\/\/kulturi.mx\/index.php\/2018\/06\/09\/taquito-de-sal\/\" title=\"Cu\u00e9ntame tu vida: Taquito de sal\">\n            Cu\u00e9ntame tu vida: Taquito de sal            <\/a>\n    <\/h4>\t\t<div class=\"qodef-post-excerpt-holder\">\n\t\t\t<p itemprop=\"description\" class=\"qodef-post-excerpt\">\n\t\t\t\tTaquito de sal es un comedor comunitario de la gente para la gente \ud83d\udc99 Conoce m\u00e1s sobre este proyecto que nos comparte en la c\u00e1psula Luis Sierra Gavi\u00f1a para \u201cCu\u00e9ntame tu vida\u201d\t\t\t<\/p>\n\t\t<\/div>\n\t                <\/div>\n                <div class=\"qodef-bli-info-bottom clearfix\">\n                    <div class=\"qodef-bli-info-bottom-left\">\n                                            <\/div>\n                    <div class=\"qodef-bli-info-bottom-right\">\n                                            <\/div>\n                <\/div>\n            <\/div>\n        <\/div>\n\t<\/div>\n<\/li>\t\t<\/ul>\n\t<\/div>\n\t<\/div>\t\t<\/div>\n\t<\/div>\n\t<\/div><\/div>[vc_empty_space][\/vc_column][\/vc_row]<\/p>\n","protected":false},"excerpt":{"rendered":"<p>[vc_row css_animation=&#8221;slideInUp&#8221; row_content_width=&#8221;grid&#8221; background_image_fixed_position=&#8221;yes&#8221; disable_background_image=&#8221;&#8221; css=&#8221;.vc_custom_1624659513446{padding-top: 115px !important;padding-bottom: 118px !important;}&#8221; simple_background_image=&#8221;4722&#8243;][vc_column][vc_row_inner][vc_column_inner][vc_column_text] CU\u00c9NTAME TU VIDA [\/vc_column_text][\/vc_column_inner][\/vc_row_inner][vc_empty_space][vc_empty_space][vc_empty_space][\/vc_column][\/vc_row]<\/p>\n","protected":false},"author":1,"featured_media":0,"parent":0,"menu_order":0,"comment_status":"closed","ping_status":"closed","template":"full-width.php","meta":{"footnotes":""},"class_list":["post-5531","page","type-page","status-publish","hentry"],"_links":{"self":[{"href":"https:\/\/kulturi.mx\/index.php\/wp-json\/wp\/v2\/pages\/5531","targetHints":{"allow":["GET"]}}],"collection":[{"href":"https:\/\/kulturi.mx\/index.php\/wp-json\/wp\/v2\/pages"}],"about":[{"href":"https:\/\/kulturi.mx\/index.php\/wp-json\/wp\/v2\/types\/page"}],"author":[{"embeddable":true,"href":"https:\/\/kulturi.mx\/index.php\/wp-json\/wp\/v2\/users\/1"}],"replies":[{"embeddable":true,"href":"https:\/\/kulturi.mx\/index.php\/wp-json\/wp\/v2\/comments?post=5531"}],"version-history":[{"count":4,"href":"https:\/\/kulturi.mx\/index.php\/wp-json\/wp\/v2\/pages\/5531\/revisions"}],"predecessor-version":[{"id":6065,"href":"https:\/\/kulturi.mx\/index.php\/wp-json\/wp\/v2\/pages\/5531\/revisions\/6065"}],"wp:attachment":[{"href":"https:\/\/kulturi.mx\/index.php\/wp-json\/wp\/v2\/media?parent=5531"}],"curies":[{"name":"wp","href":"https:\/\/api.w.org\/{rel}","templated":true}]}}