{"id":4475,"date":"2021-06-14T19:34:57","date_gmt":"2021-06-14T19:34:57","guid":{"rendered":"http:\/\/161.35.55.70\/?page_id=4475"},"modified":"2021-07-24T01:05:18","modified_gmt":"2021-07-24T01:05:18","slug":"ebook","status":"publish","type":"page","link":"https:\/\/kulturi.mx\/index.php\/ebook\/","title":{"rendered":"Ebook"},"content":{"rendered":"<p>[vc_row][vc_column width=&#8221;1\/3&#8243;][vc_empty_space height=&#8221;100px&#8221;]<div class=\"qodef-elements-holder   qodef-two-columns  qodef-responsive-mode-768 \" ><div class=\"qodef-eh-item  qodef-vertical-alignment-bottom   \" data-item-class=\"qodef-eh-custom-1414\">\n\t\t<div class=\"qodef-eh-item-inner\">\n\t\t<div class=\"qodef-eh-item-content qodef-eh-custom-1414\" >\n\t\t\t[vc_single_image image=&#8221;4938&#8243; img_size=&#8221;full&#8221; css_animation=&#8221;slideInUp&#8221;]\t\t<\/div>\n\t<\/div>\n\t<\/div><\/div>[\/vc_column][vc_column width=&#8221;2\/3&#8243; offset=&#8221;vc_col-xs-12&#8243; css=&#8221;.vc_custom_1627088532675{margin-top: 20px !important;margin-bottom: 20px !important;padding-top: 20px !important;padding-right: 20px !important;padding-bottom: 20px !important;padding-left: 20px !important;}&#8221;][vc_empty_space height=&#8221;150px&#8221;]<div class=\"qodef-section-title-holder  qodef-light-skin qodef-st-title-left qodef-st-normal-space \" style=\"padding: 0 20px\">\n\t<div class=\"qodef-st-inner\">\n\t\t\t\t\t\t\t<div class=\"qodef-st-title-wrapper\">\n\t\t\t\t<h2 class=\"qodef-st-title\" style=\"color: #000000\">\n\t\t\t\t\tDetr\u00e1s de sus mentes\t\t\t\t<\/h2>\n\t\t\t<\/div>\n\t\t\t\t\t\t\t<div class=\"qodef-st-text-wrapper\">\n\t\t\t\t<p class=\"qodef-st-text\" style=\"color: #000000;margin-top: 22px\">\n\t\t\t\t\tComo parte del programa Las letras salvan vidas, este libro compila una decena de textos realizados por creativos y creativas que, puedo asegurar, son los m\u00e1s representativos de sus diversas personalidades y pensamientos, en el momento en el que los escribieron.\t\t\t\t<\/p>\n\t\t\t<\/div>\n\t\t\t<\/div>\n<\/div>[vc_empty_space height=&#8221;20px&#8221;][vc_column_text css=&#8221;.vc_custom_1627088467895{padding-right: 20px !important;padding-left: 20px !important;}&#8221;]El programa tiene la convicci\u00f3n de que, para conocer a los j\u00f3venes, escucharlos, y entenderlos, a\u00fan cuando sus gritos se ahoguen en un mar de cambios a su alrededor, es necesario invitarlos a escribir. Los alumnos que escribieron en esta primera antolog\u00eda son alumnos del colegio Wexford, de la ciudad de Quer\u00e9taro.[\/vc_column_text][vc_empty_space height=&#8221;44px&#8221;]<a itemprop=\"url\" href=\"https:\/\/lektu.com\/l\/editorial-elementum\/detras-de-sus-mentes-antologia\/15039\" target=\"_blank\" style=\"margin: 20px\" class=\"qodef-btn qodef-btn-large qodef-btn-solid qodef-with-svg-arrow\"  >\n    <span class=\"qodef-btn-text\">\n        <span class=\"qodef-btn-text-inner\">Descargar ebook<\/span>\n                    <svg class=\"qodef-svg-icon\" x=\"0px\" y=\"0px\" viewBox=\"0 0 5 8.7\" enable-background=\"new 0 0 5 8.7\" xml:space=\"preserve\" style=\"margin: 20px\">\n                <path d=\"M0.3,7.6l3.2-3.3L0.3,1.1C0,0.8,0,0.6,0.3,0.3c0.3-0.3,0.5-0.3,0.8,0L4.7,4c0.1,0.1,0.2,0.2,0.2,0.4c0,0.2-0.1,0.3-0.2,0.4 \n                        L1.1,8.4c-0.3,0.3-0.5,0.3-0.8,0C0,8.2,0,7.9,0.3,7.6z\"\/>\n            <\/svg>\n            <\/span>\n    <\/a>[\/vc_column][\/vc_row]<\/p>\n","protected":false},"excerpt":{"rendered":"<p>[vc_row][vc_column width=&#8221;1\/3&#8243;][vc_empty_space height=&#8221;100px&#8221;][\/vc_column][vc_column width=&#8221;2\/3&#8243; offset=&#8221;vc_col-xs-12&#8243; css=&#8221;.vc_custom_1627088532675{margin-top: 20px !important;margin-bottom: 20px !important;padding-top: 20px !important;padding-right: 20px !important;padding-bottom: 20px !important;padding-left: 20px !important;}&#8221;][vc_empty_space height=&#8221;150px&#8221;][vc_empty_space height=&#8221;20px&#8221;][vc_column_text css=&#8221;.vc_custom_1627088467895{padding-right: 20px !important;padding-left: 20px !important;}&#8221;]El programa tiene la convicci\u00f3n de que, para conocer a los j\u00f3venes, escucharlos, y entenderlos, a\u00fan [&hellip;]<\/p>\n","protected":false},"author":1,"featured_media":0,"parent":0,"menu_order":0,"comment_status":"closed","ping_status":"closed","template":"full-width.php","meta":{"footnotes":""},"class_list":["post-4475","page","type-page","status-publish","hentry"],"_links":{"self":[{"href":"https:\/\/kulturi.mx\/index.php\/wp-json\/wp\/v2\/pages\/4475","targetHints":{"allow":["GET"]}}],"collection":[{"href":"https:\/\/kulturi.mx\/index.php\/wp-json\/wp\/v2\/pages"}],"about":[{"href":"https:\/\/kulturi.mx\/index.php\/wp-json\/wp\/v2\/types\/page"}],"author":[{"embeddable":true,"href":"https:\/\/kulturi.mx\/index.php\/wp-json\/wp\/v2\/users\/1"}],"replies":[{"embeddable":true,"href":"https:\/\/kulturi.mx\/index.php\/wp-json\/wp\/v2\/comments?post=4475"}],"version-history":[{"count":80,"href":"https:\/\/kulturi.mx\/index.php\/wp-json\/wp\/v2\/pages\/4475\/revisions"}],"predecessor-version":[{"id":5174,"href":"https:\/\/kulturi.mx\/index.php\/wp-json\/wp\/v2\/pages\/4475\/revisions\/5174"}],"wp:attachment":[{"href":"https:\/\/kulturi.mx\/index.php\/wp-json\/wp\/v2\/media?parent=4475"}],"curies":[{"name":"wp","href":"https:\/\/api.w.org\/{rel}","templated":true}]}}